{"id":65,"date":"2018-07-02T09:38:49","date_gmt":"2018-07-02T09:38:49","guid":{"rendered":"http:\/\/localhost\/?page_id=65"},"modified":"2025-10-15T14:19:55","modified_gmt":"2025-10-15T12:19:55","slug":"organizatorji","status":"publish","type":"page","link":"https:\/\/is.ijs.si\/?page_id=65","title":{"rendered":"ORGANIZATORJI"},"content":{"rendered":"<p class=\"naslovi_strani\"><strong>GLAVNI ORGANIZATOR<\/strong><\/p>\n<p>Glavni organizator je <a class=\"barva_linka\" href=\"https:\/\/dis.ijs.si\/\" target=\"_blank\" rel=\"noopener noreferrer\">Odsek za inteligentne sisteme<\/a>, Institut &#8220;Jo\u017eef Stefan&#8221;.<\/p>\n<p class=\"naslovi_strani\"><strong>ORGANIZACIJSKI ODBOR<\/strong><\/p>\n<ul style=\"list-style-type: circle; line-height: 20px;\">\n<li><a href=\"https:\/\/dis.ijs.si\/mezi\/\">Matja\u017e Gams, predsednik<\/a><\/li>\n<li><a href=\"https:\/\/dis.ijs.si\/mitjal\/\">Mitja Lu\u0161trek<\/a><\/li>\n<li>Lana Zemljak<\/li>\n<li>Vesna Koricki<\/li>\n<li>Mitja Lasi\u010d<\/li>\n<li>Bla\u017e Mahni\u010d<\/li>\n<\/ul>\n","protected":false},"excerpt":{"rendered":"<p>GLAVNI ORGANIZATOR Glavni organizator je Odsek za inteligentne sisteme, Institut &#8220;Jo\u017eef Stefan&#8221;. ORGANIZACIJSKI ODBOR Matja\u017e Gams, predsednik Mitja Lu\u0161trek Lana Zemljak Vesna Koricki Mitja Lasi\u010d Bla\u017e Mahni\u010d<\/p>\n","protected":false},"author":1,"featured_media":0,"parent":0,"menu_order":0,"comment_status":"closed","ping_status":"closed","template":"","meta":{"footnotes":""},"class_list":["post-65","page","type-page","status-publish","hentry"],"_links":{"self":[{"href":"https:\/\/is.ijs.si\/index.php?rest_route=\/wp\/v2\/pages\/65","targetHints":{"allow":["GET"]}}],"collection":[{"href":"https:\/\/is.ijs.si\/index.php?rest_route=\/wp\/v2\/pages"}],"about":[{"href":"https:\/\/is.ijs.si\/index.php?rest_route=\/wp\/v2\/types\/page"}],"author":[{"embeddable":true,"href":"https:\/\/is.ijs.si\/index.php?rest_route=\/wp\/v2\/users\/1"}],"replies":[{"embeddable":true,"href":"https:\/\/is.ijs.si\/index.php?rest_route=%2Fwp%2Fv2%2Fcomments&post=65"}],"version-history":[{"count":23,"href":"https:\/\/is.ijs.si\/index.php?rest_route=\/wp\/v2\/pages\/65\/revisions"}],"predecessor-version":[{"id":25989,"href":"https:\/\/is.ijs.si\/index.php?rest_route=\/wp\/v2\/pages\/65\/revisions\/25989"}],"wp:attachment":[{"href":"https:\/\/is.ijs.si\/index.php?rest_route=%2Fwp%2Fv2%2Fmedia&parent=65"}],"curies":[{"name":"wp","href":"https:\/\/api.w.org\/{rel}","templated":true}]}}